{"id":979,"date":"2019-04-23T12:00:08","date_gmt":"2019-04-23T10:00:08","guid":{"rendered":"https:\/\/www.labaldufateatre.com\/en\/opinions\/pilar-garcia-villaraco-ayto-san-martin-de-la-vega-english\/"},"modified":"2019-04-26T15:19:01","modified_gmt":"2019-04-26T13:19:01","slug":"pilar-garcia-villaraco-ayto-san-martin-de-la-vega-english","status":"publish","type":"opinions","link":"https:\/\/www.labaldufateatre.com\/en\/opinions\/pilar-garcia-villaraco-ayto-san-martin-de-la-vega-english\/","title":{"rendered":"Pilar Garc\u00eda-Villaraco - Ayto. San Mart\u00edn de la Vega"},"content":{"rendered":"<p><strong><a href=\"https:\/\/www.labaldufateatre.com\/espectacles\/mon-pare-es-un-ogre\/\">Mi padre es un ogro<\/a><\/strong> es un espect\u00e1culo precioso, lleno de ternura y sentimientos a flor de piel \u2014un aut\u00e9ntico placer poder disfrutar de ello. Aunque tengo que confesar que yo lo paso fatal: porque me emociona much\u00edsimo la ternura. La peor parte es que hubo muy poco p\u00fablico, sin embargo, eran adultos y ni\u00f1os en los tramos de edad adecuados para disfrutar del espect\u00e1culo, lo cual estuvo muy bien. Destaco, sobre todo, el encuentro final con los actores, que nos explicaron muchos detalles sobre la creaci\u00f3n, la producci\u00f3n y el espect\u00e1culo. Nos llevamos la sensaci\u00f3n de que hab\u00edamos disfrutado a\u00fan m\u00e1s.<\/p>\n<p>Es uno de los mejores espect\u00e1culos teatrales para p\u00fablico infantil-juvenil que he visto. \u00a1Enhorabuena por vuestro trabajo!<\/p>\n","protected":false},"featured_media":0,"template":"","class_list":["post-979","opinions","type-opinions","status-publish","hentry"],"acf":[],"yoast_head":"<!-- This site is optimized with the Yoast SEO plugin v27.5 - https:\/\/yoast.com\/product\/yoast-seo-wordpress\/ -->\n<title>Pilar Garc\u00eda-Villaraco - Ayto. San Mart\u00edn de la Vega - La Baldufa Teatre<\/title>\n<meta name=\"robots\" content=\"index, follow, max-snippet:-1, max-image-preview:large, max-video-preview:-1\" \/>\n<link rel=\"canonical\" href=\"https:\/\/www.labaldufateatre.com\/en\/opinions\/pilar-garcia-villaraco-ayto-san-martin-de-la-vega-english\/\" \/>\n<meta property=\"og:locale\" content=\"en_US\" \/>\n<meta property=\"og:type\" content=\"article\" \/>\n<meta property=\"og:title\" content=\"Pilar Garc\u00eda-Villaraco - Ayto. San Mart\u00edn de la Vega - La Baldufa Teatre\" \/>\n<meta property=\"og:description\" content=\"Mi padre es un ogro es un espect\u00e1culo precioso, lleno de ternura y sentimientos a flor de piel \u2014un aut\u00e9ntico...\" \/>\n<meta property=\"og:url\" content=\"https:\/\/www.labaldufateatre.com\/en\/opinions\/pilar-garcia-villaraco-ayto-san-martin-de-la-vega-english\/\" \/>\n<meta property=\"og:site_name\" content=\"La Baldufa Teatre\" \/>\n<meta property=\"article:publisher\" content=\"http:\/\/www.facebook.com\/pages\/Companyia-de-Comediants-La-Baldufa\/94606450908\" \/>\n<meta property=\"article:modified_time\" content=\"2019-04-26T13:19:01+00:00\" \/>\n<meta name=\"twitter:card\" content=\"summary_large_image\" \/>\n<meta name=\"twitter:site\" content=\"@BaldufaTeatre\" \/>\n<meta name=\"twitter:label1\" content=\"Est. reading time\" \/>\n\t<meta name=\"twitter:data1\" content=\"1 minute\" \/>\n<script type=\"application\/ld+json\" class=\"yoast-schema-graph\">{\"@context\":\"https:\\\/\\\/schema.org\",\"@graph\":[{\"@type\":\"WebPage\",\"@id\":\"https:\\\/\\\/www.labaldufateatre.com\\\/en\\\/opinions\\\/pilar-garcia-villaraco-ayto-san-martin-de-la-vega-english\\\/\",\"url\":\"https:\\\/\\\/www.labaldufateatre.com\\\/en\\\/opinions\\\/pilar-garcia-villaraco-ayto-san-martin-de-la-vega-english\\\/\",\"name\":\"Pilar Garc\u00eda-Villaraco - Ayto. San Mart\u00edn de la Vega - La Baldufa Teatre\",\"isPartOf\":{\"@id\":\"https:\\\/\\\/www.labaldufateatre.com\\\/en\\\/#website\"},\"datePublished\":\"2019-04-23T10:00:08+00:00\",\"dateModified\":\"2019-04-26T13:19:01+00:00\",\"breadcrumb\":{\"@id\":\"https:\\\/\\\/www.labaldufateatre.com\\\/en\\\/opinions\\\/pilar-garcia-villaraco-ayto-san-martin-de-la-vega-english\\\/#breadcrumb\"},\"inLanguage\":\"en-US\",\"potentialAction\":[{\"@type\":\"ReadAction\",\"target\":[\"https:\\\/\\\/www.labaldufateatre.com\\\/en\\\/opinions\\\/pilar-garcia-villaraco-ayto-san-martin-de-la-vega-english\\\/\"]}]},{\"@type\":\"BreadcrumbList\",\"@id\":\"https:\\\/\\\/www.labaldufateatre.com\\\/en\\\/opinions\\\/pilar-garcia-villaraco-ayto-san-martin-de-la-vega-english\\\/#breadcrumb\",\"itemListElement\":[{\"@type\":\"ListItem\",\"position\":1,\"name\":\"Portada\",\"item\":\"https:\\\/\\\/www.labaldufateatre.com\\\/en\\\/\"},{\"@type\":\"ListItem\",\"position\":2,\"name\":\"Pilar Garc\u00eda-Villaraco - Ayto. San Mart\u00edn de la Vega\"}]},{\"@type\":\"WebSite\",\"@id\":\"https:\\\/\\\/www.labaldufateatre.com\\\/en\\\/#website\",\"url\":\"https:\\\/\\\/www.labaldufateatre.com\\\/en\\\/\",\"name\":\"La Baldufa Teatre\",\"description\":\"Companyia de Comediants\",\"potentialAction\":[{\"@type\":\"SearchAction\",\"target\":{\"@type\":\"EntryPoint\",\"urlTemplate\":\"https:\\\/\\\/www.labaldufateatre.com\\\/en\\\/?s={search_term_string}\"},\"query-input\":{\"@type\":\"PropertyValueSpecification\",\"valueRequired\":true,\"valueName\":\"search_term_string\"}}],\"inLanguage\":\"en-US\"}]}<\/script>\n<!-- \/ Yoast SEO plugin. -->","yoast_head_json":{"title":"Pilar Garc\u00eda-Villaraco - Ayto. San Mart\u00edn de la Vega - La Baldufa Teatre","robots":{"index":"index","follow":"follow","max-snippet":"max-snippet:-1","max-image-preview":"max-image-preview:large","max-video-preview":"max-video-preview:-1"},"canonical":"https:\/\/www.labaldufateatre.com\/en\/opinions\/pilar-garcia-villaraco-ayto-san-martin-de-la-vega-english\/","og_locale":"en_US","og_type":"article","og_title":"Pilar Garc\u00eda-Villaraco - Ayto. San Mart\u00edn de la Vega - La Baldufa Teatre","og_description":"Mi padre es un ogro es un espect\u00e1culo precioso, lleno de ternura y sentimientos a flor de piel \u2014un aut\u00e9ntico...","og_url":"https:\/\/www.labaldufateatre.com\/en\/opinions\/pilar-garcia-villaraco-ayto-san-martin-de-la-vega-english\/","og_site_name":"La Baldufa Teatre","article_publisher":"http:\/\/www.facebook.com\/pages\/Companyia-de-Comediants-La-Baldufa\/94606450908","article_modified_time":"2019-04-26T13:19:01+00:00","twitter_card":"summary_large_image","twitter_site":"@BaldufaTeatre","twitter_misc":{"Est. reading time":"1 minute"},"schema":{"@context":"https:\/\/schema.org","@graph":[{"@type":"WebPage","@id":"https:\/\/www.labaldufateatre.com\/en\/opinions\/pilar-garcia-villaraco-ayto-san-martin-de-la-vega-english\/","url":"https:\/\/www.labaldufateatre.com\/en\/opinions\/pilar-garcia-villaraco-ayto-san-martin-de-la-vega-english\/","name":"Pilar Garc\u00eda-Villaraco - Ayto. San Mart\u00edn de la Vega - La Baldufa Teatre","isPartOf":{"@id":"https:\/\/www.labaldufateatre.com\/en\/#website"},"datePublished":"2019-04-23T10:00:08+00:00","dateModified":"2019-04-26T13:19:01+00:00","breadcrumb":{"@id":"https:\/\/www.labaldufateatre.com\/en\/opinions\/pilar-garcia-villaraco-ayto-san-martin-de-la-vega-english\/#breadcrumb"},"inLanguage":"en-US","potentialAction":[{"@type":"ReadAction","target":["https:\/\/www.labaldufateatre.com\/en\/opinions\/pilar-garcia-villaraco-ayto-san-martin-de-la-vega-english\/"]}]},{"@type":"BreadcrumbList","@id":"https:\/\/www.labaldufateatre.com\/en\/opinions\/pilar-garcia-villaraco-ayto-san-martin-de-la-vega-english\/#breadcrumb","itemListElement":[{"@type":"ListItem","position":1,"name":"Portada","item":"https:\/\/www.labaldufateatre.com\/en\/"},{"@type":"ListItem","position":2,"name":"Pilar Garc\u00eda-Villaraco - Ayto. San Mart\u00edn de la Vega"}]},{"@type":"WebSite","@id":"https:\/\/www.labaldufateatre.com\/en\/#website","url":"https:\/\/www.labaldufateatre.com\/en\/","name":"La Baldufa Teatre","description":"Companyia de Comediants","potentialAction":[{"@type":"SearchAction","target":{"@type":"EntryPoint","urlTemplate":"https:\/\/www.labaldufateatre.com\/en\/?s={search_term_string}"},"query-input":{"@type":"PropertyValueSpecification","valueRequired":true,"valueName":"search_term_string"}}],"inLanguage":"en-US"}]}},"_links":{"self":[{"href":"https:\/\/www.labaldufateatre.com\/en\/wp-json\/wp\/v2\/opinions\/979","targetHints":{"allow":["GET"]}}],"collection":[{"href":"https:\/\/www.labaldufateatre.com\/en\/wp-json\/wp\/v2\/opinions"}],"about":[{"href":"https:\/\/www.labaldufateatre.com\/en\/wp-json\/wp\/v2\/types\/opinions"}],"wp:attachment":[{"href":"https:\/\/www.labaldufateatre.com\/en\/wp-json\/wp\/v2\/media?parent=979"}],"curies":[{"name":"wp","href":"https:\/\/api.w.org\/{rel}","templated":true}]}}